{"id":3,"date":"2021-09-08T15:58:05","date_gmt":"2021-09-08T13:58:05","guid":{"rendered":"https:\/\/websites.fraunhofer.de\/tester\/?page_id=3"},"modified":"2022-03-28T10:51:40","modified_gmt":"2022-03-28T08:51:40","slug":"datenschutzerklaerung","status":"publish","type":"page","link":"https:\/\/www.tester-projekt.de\/?page_id=3","title":{"rendered":"Datenschutzerkl\u00e4rung"},"content":{"rendered":"\n<p class=\"has-black-color has-text-color\">Im Rahmen der Nutzung dieser Webseite werden personenbezogene Daten von Ihnen durch uns als den f\u00fcr die Datenverarbeitung Verantwortlichen verarbeitet und f\u00fcr die Dauer gespeichert, die zur Erf\u00fcllung der festgelegten Zwecke und gesetzlicher Verpflichtungen erforderlich ist. Im Folgenden informieren wir Sie dar\u00fcber, um welche Daten es sich dabei handelt, auf welche Weise sie verarbeitet werden und welche Rechte Ihnen diesbez\u00fcglich zustehen.<\/p>\n\n\n\n<p class=\"has-black-color has-text-color\">Personenbezogene Daten sind gem\u00e4\u00df Art. 4 Nr. 1 Datenschutzgrundverordnung (DSGVO) alle Informationen, die sich auf eine identifizierte oder identifizierbare nat\u00fcrliche Person beziehen.<\/p>\n\n\n\n<h3 class=\"has-black-color has-text-color wp-block-heading\">1. Name und Kontaktdaten des f\u00fcr die Verarbeitung Verantwortlichen sowie des betrieblichen Datenschutzbeauftragten<\/h3>\n\n\n\n<p class=\"has-black-color has-text-color\">Diese Datenschutzinformation gilt f\u00fcr die Datenverarbeitung auf dieser Webseite durch den Verantwortlichen:<\/p>\n\n\n\n<p class=\"has-black-color has-text-color\">Fraunhofer-Gesellschaft<br>zur F\u00f6rderung der angewandten Forschung e.V.<br>Hansastra\u00dfe 27 c,<br>80686 M\u00fcnchen<\/p>\n\n\n\n<p class=\"has-black-color has-text-color\">(im Folgenden \u201e<strong>Fraunhofer<\/strong>\u201c)<\/p>\n\n\n\n<p class=\"has-black-color has-text-color\">Email:&nbsp;<a href=\"mailto:info@zv.fraunhofer.de\">info@zv.fraunhofer.de<\/a><br>Telefon:&nbsp;+49 (0)89 1205- 0<br>Fax: &nbsp;+49 (0)89 1205-7531<br>Der Datenschutzbeauftragte von Fraunhofer ist unter der o.g. Anschrift, zu Hd. Datenschutzbeauftragter bzw. unter <a href=\"mailto:datenschutz@zv.fraunhofer.de\">datenschutz@zv.fraunhofer.de<\/a> erreichbar.<\/p>\n\n\n\n<p class=\"has-black-color has-text-color\">Sie k\u00f6nnen sich jederzeit bei Fragen zum Datenschutzrecht oder Ihren Betroffenenrechten direkt an unseren Datenschutzbeauftragten wenden.<\/p>\n\n\n\n<h3 class=\"wp-block-heading\">2.&nbsp;Verarbeitung personenbezogener Daten und Zwecke der Verarbeitung<\/h3>\n\n\n\n<h4 class=\"wp-block-heading\">Beim Besuch der Webseite<\/h4>\n\n\n\n<p class=\"has-black-color has-text-color\">Sie k\u00f6nnen die Webseite aufrufen, ohne Angaben zu Ihrer Identit\u00e4t preisgeben zu m\u00fcssen. Der auf Ihrem Endger\u00e4t eingesetzte Browser sendet lediglich automatisch Informationen an den Server unserer Webseite (z.B. Browsertyp und \u2013version, Datum und Uhrzeit des Zugriffs), um einen Verbindungsaufbau der Webseite zu erm\u00f6glichen. Hierzu geh\u00f6rt auch die IP-Adresse Ihres anfragenden Endger\u00e4tes. Diese wird tempor\u00e4r in einem sog. Logfile gespeichert und nach 4 Wochen automatisch gel\u00f6scht:<\/p>\n\n\n\n<p class=\"has-black-color has-text-color\">Die Verarbeitung der IP-Adresse erfolgt zu technischen und administrativen Zwecken des Verbindungsaufbaus und -stabilit\u00e4t, um die Sicherheit und Funktionsf\u00e4higkeit unserer Webseite zu gew\u00e4hrleisten und etwaige rechtswidrige Angriffe hierauf notfalls verfolgen zu k\u00f6nnen.<\/p>\n\n\n\n<p class=\"has-black-color has-text-color\">Die Rechtsgrundlage f\u00fcr die Verarbeitung der IP-Adresse ist Art. 6 Abs. 1 S. 1 lit. f DSGVO. Unser berechtigtes Interesse folgt aus dem erw\u00e4hnten Sicherheitsinteresse und der Erforderlichkeit einer st\u00f6rungsfreien Bereitstellung unserer Webseite.<\/p>\n\n\n\n<p class=\"has-black-color has-text-color\">Aus der Verarbeitung der IP-Adresse und anderer Information in dem Logfile k\u00f6nnen wir keine unmittelbaren R\u00fcckschl\u00fcsse auf Ihre Identit\u00e4t ziehen.<\/p>\n\n\n\n<p class=\"has-black-color has-text-color\">Dar\u00fcber hinaus setzen wir beim Besuch unserer Webseite Cookies sowie Analysedienste ein. N\u00e4here Erl\u00e4uterungen dazu erhalten Sie unter den Ziffer 4 und 5 dieser Datenschutzerkl\u00e4rung.<\/p>\n\n\n\n<h3 class=\"wp-block-heading\">3. &nbsp;Weitergabe von personenbezogenen Daten an Dritte<\/h3>\n\n\n\n<p class=\"has-black-color has-text-color\">Wir geben Ihre personenbezogenen Daten nur an Dritte weiter, wenn:<\/p>\n\n\n\n<ul class=\"has-black-color has-text-color wp-block-list\"><li>Sie gem. Art. 6 Abs. 1 S. 1 lit. a DSGVO Ihre ausdr\u00fcckliche Einwilligung dazu erteilt haben,<\/li><li>dies gem. Art. 6 Abs. 1 S. 1 lit. b DSGVO f\u00fcr die Erf\u00fcllung eines Vertrages mit Ihnen erforderlich ist,<\/li><li>f\u00fcr den Fall, dass f\u00fcr die Weitergabe nach Art. 6 Abs. 1 S. 1 lit. c DSGVO eine gesetzliche Verpflichtung besteht.<\/li><\/ul>\n\n\n\n<p class=\"has-black-color has-text-color\">Eine \u00dcbermittlung von personenbezogenen Daten an ein Drittland (au\u00dferhalb der EU) oder eine internationale Organisation ist ausgeschlossen.<\/p>\n\n\n\n<h3 class=\"wp-block-heading\">4. Cookies<\/h3>\n\n\n\n<p class=\"has-black-color has-text-color\">Wir setzen auf unserer Seite Cookies ein. Hierbei handelt es sich um kleine Dateien, die Ihr Browser automatisch erstellt und die auf Ihrem Endger\u00e4t (Laptop, Tablet, Smartphone o.\u00e4.) gespeichert werden, wenn Sie unsere Seite besuchen. Cookies richten auf Ihrem Endger\u00e4t keinen Schaden an, enthalten keine Viren, Trojaner oder sonstige Schadsoftware.<\/p>\n\n\n\n<p class=\"has-black-color has-text-color\">In dem Cookie werden Informationen abgelegt, die sich jeweils im Zusammenhang mit dem spezifisch eingesetzten Endger\u00e4t ergeben. Dies bedeutet jedoch nicht, dass wir dadurch unmittelbar Kenntnis von Ihrer Identit\u00e4t erhalten.<\/p>\n\n\n\n<p class=\"has-black-color has-text-color\">Wir setzen Cookies ein, um die Nutzung unserer Website statistisch zu erfassen und zum Zwecke der Optimierung unseres Angebotes f\u00fcr Sie auszuwerten (siehe Ziffer 5). Diese Cookies erm\u00f6glichen es uns, bei einem erneuten Besuch unserer Seite automatisch zu erkennen, dass Sie bereits bei uns waren. Diese Cookies werden nach einer jeweils definierten Zeit automatisch gel\u00f6scht.<\/p>\n\n\n\n<p class=\"has-black-color has-text-color\">Die durch Cookies verarbeiteten Daten sind f\u00fcr die genannten Zwecke zur Wahrung unserer berechtigten Interessen nach Art. 6 Abs. 1 S. 1 lit. f DSGVO erforderlich.<\/p>\n\n\n\n<p class=\"has-black-color has-text-color\">Die meisten Browser akzeptieren Cookies automatisch. Sie k\u00f6nnen Ihren Browser jedoch so konfigurieren, dass keine Cookies auf Ihrem Computer gespeichert werden oder stets ein Hinweis erscheint, bevor ein neuer Cookie angelegt wird. Die vollst\u00e4ndige Deaktivierung von Cookies kann jedoch dazu f\u00fchren, dass Sie nicht alle Funktionen unserer Website nutzen k\u00f6nnen.<\/p>\n\n\n\n<h3 class=\"wp-block-heading\">5. Webanalyse mittels Leadlab<\/h3>\n\n\n\n<p class=\"has-black-color has-text-color\">Wir setzen auf unserer Webseite den Dienst Leadlab von der Wiredminds GmbH und deren Z\u00e4hlpixeltechnologie zur Analyse des Nutzungsverhaltens und zur darauf basierenden Optimierung unserer Seite ein. Insbesondere erlaubt uns der Dienst zu erkennen, welche Unternehmen unsere Seite besucht haben. Dabei erhalten wir keine Informationen, die Sie unmittelbar identifizieren.<\/p>\n\n\n\n<p class=\"has-black-color has-text-color\">Im Zusammenhang mit dem Einsatz von Leadlab werden Cookies und Z\u00e4hlpixel eingesetzt, die eine statistische Analyse der Nutzung dieser Website durch Ihre Besuche erm\u00f6glichen. In dem Cookie werden Informationen \u2013 einschlie\u00dflich personenbezogener Informationen -zu Ihrem Besucherverhalten abgelegt und an Wiredminds \u00fcbermittelt oder direkt von Wiredminds erhoben. Die Informationen werden von Wiredminds unter Verwendung eines Pseudonyms in einem Nutzungsprofil zum Zwecke der Analyse verarbeitet und m\u00f6glichst anonymisiert.<\/p>\n\n\n\n<p class=\"has-black-color has-text-color\">Die dabei gewonnenen Daten werden ohne Ihre gesondert erteilte Zustimmung nicht benutzt, um Sie pers\u00f6nlich zu identifizieren und die Daten werden nicht mit personenbezogenen Daten \u00fcber Sie als Tr\u00e4ger des Pseudonyms zusammengef\u00fchrt.<\/p>\n\n\n\n<p class=\"has-black-color has-text-color\">Soweit IP-Adressen erhoben werden, werden diese unverz\u00fcglich nach Erhebung durch L\u00f6schen des letzten Nummernblocks anonymisiert.<\/p>\n\n\n\n<p class=\"has-black-color has-text-color\">Informationen zum Datenschutz bei der Wireminds finden Sie auf deren Webseite.<\/p>\n\n\n\n<p class=\"has-black-color has-text-color\">Die Datenverarbeitung erfolgt auf Grund unseres berechtigten Interesses gem\u00e4\u00df Art. 6 Abs.1 lit. f DSGVO an der Optimierung unseres Online-Angebotes und unseres Webauftritts. Wiredminds verarbeitet die Daten in unserem Auftrag und wir haben einen Auftragsverarbeitungsvertrag mit Wireminds abgeschlossen. Dieser stellt sicher, dass die Datenverarbeitung in unserem Auftrag im Einklang mit der Datenschutzgrundverordnung erfolgt und den Schutz der Rechte der betroffenen Personen gew\u00e4hrleistet.<\/p>\n\n\n\n<p class=\"has-black-color has-text-color\">Sollten Sie die Erfassung und Analyse Ihres Benutzerverhaltens nicht w\u00fcnschen, dann k\u00f6nnen Sie dem mittels eines Opt-Out-Cookies widersprechen. Es wird ein Opt-Out-Cookie gesetzt, das die zuk\u00fcnftige Erfassung Ihrer Daten beim Besuch dieser Webseite verhindert. Der Opt-Out-Cookie gilt nur in diesem Browser und nur f\u00fcr unsere Webseite und wird auf Ihrem Ger\u00e4t abgelegt. L\u00f6schen Sie die Cookies in diesem Browser, m\u00fcssen Sie das Opt-Out-Cookie erneut setzen.<\/p>\n\n\n\n<p>.<\/p>\n\n\n\n<h3 class=\"wp-block-heading\">6.\u00a0Betroffenenrechte<\/h3>\n\n\n\n<p>Sie haben das Recht:<\/p>\n\n\n\n<ul class=\"has-black-color has-text-color wp-block-list\"><li>gem\u00e4\u00df Art. 7 Abs. 3 DSGVO Ihre einmal erteilte Einwilligung jederzeit gegen\u00fcber uns zu widerrufen. Dies hat zur Folge, dass wir die Datenverarbeitung, die auf dieser Einwilligung beruhte, f\u00fcr die Zukunft nicht mehr fortf\u00fchren d\u00fcrfen;<\/li><li>gem\u00e4\u00df Art. 15 DSGVO Auskunft \u00fcber Ihre von uns verarbeiteten personenbezogenen Daten zu verlangen. Insbesondere k\u00f6nnen Sie Auskunft \u00fcber die Verarbeitungszwecke, die Kategorie der personenbezogenen Daten, die Kategorien von Empf\u00e4ngern, gegen\u00fcber denen Ihre Daten offengelegt wurden oder werden, die geplante Speicherdauer, das Bestehen eines Rechts auf Berichtigung, L\u00f6schung, Einschr\u00e4nkung der Verarbeitung oder Widerspruch, das Bestehen eines Beschwerderechts, die Herkunft ihrer Daten, sofern diese nicht bei uns erhoben wurden, sowie \u00fcber das Bestehen einer automatisierten Entscheidungsfindung einschlie\u00dflich Profiling und ggf. aussagekr\u00e4ftigen Informationen zu deren Einzelheiten verlangen;<\/li><li>gem\u00e4\u00df Art. 16 DSGVO unverz\u00fcglich die Berichtigung unrichtiger oder Vervollst\u00e4ndigung Ihrer bei uns gespeicherten personenbezogenen Daten zu verlangen;<\/li><li>gem\u00e4\u00df Art. 17 DSGVO die L\u00f6schung Ihrer bei uns gespeicherten personenbezogenen Daten zu verlangen, soweit nicht die Verarbeitung zur Aus\u00fcbung des Rechts auf freie Meinungs\u00e4u\u00dferung und Information, zur Erf\u00fcllung einer rechtlichen Verpflichtung, aus Gr\u00fcnden des \u00f6ffentlichen Interesses oder zur Geltendmachung, Aus\u00fcbung oder Verteidigung von Rechtsanspr\u00fcchen erforderlich ist;<\/li><li>gem\u00e4\u00df Art. 18 DSGVO die Einschr\u00e4nkung der Verarbeitung Ihrer personenbezogenen Daten zu verlangen, soweit die Richtigkeit der Daten von Ihnen bestritten wird, die Verarbeitung unrechtm\u00e4\u00dfig ist, Sie aber deren L\u00f6schung ablehnen und wir die Daten nicht mehr ben\u00f6tigen, Sie jedoch diese zur Geltendmachung, Aus\u00fcbung oder Verteidigung von Rechtsanspr\u00fcchen ben\u00f6tigen oder Sie gem\u00e4\u00df Art. 21 DSGVO Widerspruch gegen die Verarbeitung eingelegt haben;<\/li><li>gem\u00e4\u00df Art. 20 DSGVO Ihre personenbezogenen Daten, die Sie uns bereitgestellt haben, in einem strukturierten, g\u00e4ngigen und maschinenlesebaren Format zu erhalten oder die \u00dcbermittlung an einen anderen Verantwortlichen zu verlangen und<\/li><li>gem\u00e4\u00df Art. 77 DSGVO sich bei einer Aufsichtsbeh\u00f6rde zu beschweren. In der Regel k\u00f6nnen Sie sich hierf\u00fcr an die Aufsichtsbeh\u00f6rde ihres \u00fcblichen Aufenthaltsortes oder Arbeitsplatzes oder unseres Unternehmenssitzes wenden.<\/li><\/ul>\n\n\n\n<h3 class=\"wp-block-heading\">7.\u00a0Information \u00fcber Ihr Widerspruchsrecht nach Art. 21 DSGVO<\/h3>\n\n\n\n<p class=\"has-black-color has-text-color\">Sie haben das Recht, aus Gr\u00fcnden, die sich aus Ihrer besonderen Situation ergeben, jederzeit gegen die Verarbeitung Sie betreffender personenbezogener Daten, die aufgrund von Artikel 6 Absatz 1 Buchstabe e DSGVO (Datenverarbeitung im \u00f6ffentlichen Interesse) und Artikel 6 Absatz 1 Buchstabe f DSGVO (Datenverarbeitung auf der Grundlage einer Interessenabw\u00e4gung) erfolgt, Widerspruch einzulegen; dies gilt auch f\u00fcr ein auf diese Bestimmung gest\u00fctztes Profiling von Artikel 4 Nr. 4 DSGVO.<\/p>\n\n\n\n<p class=\"has-black-color has-text-color\">Legen Sie Widerspruch ein, werden wir Ihre personenbezogenen Daten nicht mehr verarbeiten, es sei denn, wir k\u00f6nnen zwingende schutzw\u00fcrdige Gr\u00fcnde f\u00fcr die Verarbeitung nachweisen, die Ihre Interessen, Rechte und Freiheiten \u00fcberwiegen, oder die Verarbeitung dient der Geltendmachung, Aus\u00fcbung oder Verteidigung von Rechtsanspr\u00fcchen.<\/p>\n\n\n\n<p class=\"has-black-color has-text-color\">Sofern sich Ihr Widerspruch gegen eine Verarbeitung von Daten zum Zwecke der Direktwerbung richtet, so werden wir die Verarbeitung umgehend einstellen. In diesem Fall ist die Angabe einer besonderen Situation nicht erforderlich. Dies gilt auch f\u00fcr das Profiling, soweit es mit solcher Direktwerbung in Verbindung steht.<\/p>\n\n\n\n<p class=\"has-black-color has-text-color\">M\u00f6chten Sie von Ihrem Widerspruchsrecht Gebrauch machen, so k\u00f6nnen Sie dies \u00fcber: <a href=\"http:\/\/www.fraunhofer.de\/de\/fraunhofer-newsletter-abmeldung.html\">www.fraunhofer.de\/de\/fraunhofer-newsletter-abmeldung.html<\/a> tun.<\/p>\n\n\n\n<h3 class=\"wp-block-heading\">8.\u00a0Datensicherheit<\/h3>\n\n\n\n<p class=\"has-black-color has-text-color\">Alle von Ihnen pers\u00f6nlich \u00fcbermittelten Daten werden mit dem allgemein \u00fcblichen und sicheren Standard TLS (Transport Layer Security) verschl\u00fcsselt \u00fcbertragen. TLS ist ein sicherer und erprobter Standard, der z.B. auch beim Onlinebanking Verwendung findet. Sie erkennen eine sichere TLS-Verbindung unter anderem an dem angeh\u00e4ngten s am http (also https:\/\/..) in der Adressleiste Ihres Browsers oder am Schloss-Symbol im unteren Bereich Ihres Browsers.<\/p>\n\n\n\n<p class=\"has-black-color has-text-color\">Wir bedienen uns im \u00dcbrigen geeigneter technischer und organisatorischer Sicherheitsma\u00dfnahmen, um Ihre Daten gegen zuf\u00e4llige oder vors\u00e4tzliche Manipulationen, teilweisen oder vollst\u00e4ndigen Verlust, Zerst\u00f6rung oder gegen den unbefugten Zugriff Dritter zu sch\u00fctzen. Unsere Sicherheitsma\u00dfnahmen werden entsprechend der technologischen Entwicklung fortlaufend verbessert.<\/p>\n\n\n\n<h3 class=\"wp-block-heading\">9.\u00a0Aktualit\u00e4t und \u00c4nderung dieser Datenschutzinformation<\/h3>\n\n\n\n<p class=\"has-black-color has-text-color\">Diese Datenschutzinformation ist aktuell g\u00fcltig und hat den Stand M\u00e4rz 2022.<\/p>\n\n\n\n<p class=\"has-black-color has-text-color\">Durch die Weiterentwicklung unserer Webseite und Angebote dar\u00fcber oder aufgrund ge\u00e4nderter gesetzlicher bzw. beh\u00f6rdlicher Vorgaben kann es notwendig werden, diese Datenschutzinformation zu \u00e4ndern. Die jeweils aktuelle Datenschutzinformation kann jederzeit auf der Webseite unter <a href=\"https:\/\/www.fraunhofer.de\/datenschutz\">https:\/\/www.fraunhofer.de\/datenschutz<\/a> von Ihnen abgerufen und ausgedruckt werden.<\/p>\n","protected":false},"excerpt":{"rendered":"<p>Im Rahmen der Nutzung dieser Webseite werden personenbezogene Daten von Ihnen durch uns als den f\u00fcr die Datenverarbeitung Verantwortlichen verarbeitet und f\u00fcr die Dauer gespeichert, die zur Erf\u00fcllung der festgelegten Zwecke und gesetzlicher Verpflichtungen erforderlich ist. Im Folgenden informieren wir<\/p>\n","protected":false},"author":1,"featured_media":0,"parent":0,"menu_order":0,"comment_status":"closed","ping_status":"open","template":"","meta":{"footnotes":""},"class_list":["post-3","page","type-page","status-publish","hentry"],"_links":{"self":[{"href":"https:\/\/www.tester-projekt.de\/index.php?rest_route=\/wp\/v2\/pages\/3","targetHints":{"allow":["GET"]}}],"collection":[{"href":"https:\/\/www.tester-projekt.de\/index.php?rest_route=\/wp\/v2\/pages"}],"about":[{"href":"https:\/\/www.tester-projekt.de\/index.php?rest_route=\/wp\/v2\/types\/page"}],"author":[{"embeddable":true,"href":"https:\/\/www.tester-projekt.de\/index.php?rest_route=\/wp\/v2\/users\/1"}],"replies":[{"embeddable":true,"href":"https:\/\/www.tester-projekt.de\/index.php?rest_route=%2Fwp%2Fv2%2Fcomments&post=3"}],"version-history":[{"count":4,"href":"https:\/\/www.tester-projekt.de\/index.php?rest_route=\/wp\/v2\/pages\/3\/revisions"}],"predecessor-version":[{"id":90,"href":"https:\/\/www.tester-projekt.de\/index.php?rest_route=\/wp\/v2\/pages\/3\/revisions\/90"}],"wp:attachment":[{"href":"https:\/\/www.tester-projekt.de\/index.php?rest_route=%2Fwp%2Fv2%2Fmedia&parent=3"}],"curies":[{"name":"wp","href":"https:\/\/api.w.org\/{rel}","templated":true}]}}